{"id":1537,"date":"2023-04-28T09:31:33","date_gmt":"2023-04-28T09:31:33","guid":{"rendered":"http:\/\/europeg.com\/2023\/?page_id=1537"},"modified":"2023-06-16T09:08:14","modified_gmt":"2023-06-16T09:08:14","slug":"policy-brief-cat","status":"publish","type":"page","link":"https:\/\/europeg.com\/ca\/policy-brief-cat\/","title":{"rendered":"Policy Brief (cat)"},"content":{"rendered":"<p>[et_pb_section fb_built=&#8221;1&#8243; _builder_version=&#8221;4.20.4&#8243; _module_preset=&#8221;default&#8221; background_enable_color=&#8221;off&#8221; use_background_color_gradient=&#8221;on&#8221; background_color_gradient_stops=&#8221;rgba(0,53,107,0.6) 0%|rgba(0,53,107,0.6) 100%&#8221; background_color_gradient_overlays_image=&#8221;on&#8221; background_image=&#8221;http:\/\/europeg.com\/wp-content\/uploads\/2023\/04\/policy_fons.webp&#8221; parallax=&#8221;on&#8221; custom_padding=&#8221;85px||85px||true|false&#8221; global_colors_info=&#8221;{}&#8221;][et_pb_row _builder_version=&#8221;4.20.4&#8243; _module_preset=&#8221;default&#8221; global_colors_info=&#8221;{}&#8221;][et_pb_column type=&#8221;4_4&#8243; _builder_version=&#8221;4.20.4&#8243; _module_preset=&#8221;default&#8221; global_colors_info=&#8221;{}&#8221;][et_pb_text _builder_version=&#8221;4.20.4&#8243; _module_preset=&#8221;default&#8221; header_2_font=&#8221;Frank Ruhl Libre||||||||&#8221; header_2_text_color=&#8221;#FFFFFF&#8221; header_2_font_size=&#8221;48px&#8221; text_orientation=&#8221;center&#8221; global_colors_info=&#8221;{}&#8221;]<\/p>\n<h2>Policy Brief<\/h2>\n<p>[\/et_pb_text][\/et_pb_column][\/et_pb_row][\/et_pb_section][et_pb_section fb_built=&#8221;1&#8243; _builder_version=&#8221;4.20.4&#8243; _module_preset=&#8221;default&#8221; global_colors_info=&#8221;{}&#8221;][et_pb_row module_class=&#8221;policy_brief&#8221; _builder_version=&#8221;4.20.4&#8243; _module_preset=&#8221;default&#8221; global_colors_info=&#8221;{}&#8221;][et_pb_column type=&#8221;4_4&#8243; _builder_version=&#8221;4.20.4&#8243; _module_preset=&#8221;default&#8221; global_colors_info=&#8221;{}&#8221;][divi_wpfd_file_category category_id=&#8221;{%22categoryId%22:%2262%22,%22categoryPath%22:%22Policy Brief (cat)%22}&#8221; _builder_version=&#8221;4.21.0&#8243; _module_preset=&#8221;default&#8221; global_colors_info=&#8221;{}&#8221;][\/divi_wpfd_file_category][\/et_pb_column][\/et_pb_row][\/et_pb_section]<\/p>\n","protected":false},"excerpt":{"rendered":"<p>Policy Brief<div class=\"et_pb_module divi_wpfd_file_category divi_wpfd_file_category_0\">\n\t\t\t\t\n\t\t\t\t\n\t\t\t\t\n\t\t\t\t\n\t\t\t\t\n\t\t\t\t\n\t\t\t\t<div class=\"et_pb_module_inner\">\n\t\t\t\t\t<div class=\"wpfd-content wpfd-content-defaultjau wpfd-content-category-normal wpfd-content-without-download-selected wpfd-content-multi\" data-category=\"62\"             style=\"background-color: transparent\"><input type=\"hidden\" id=\"current_category_62\" value=\"62\" \/>                    <input type=\"hidden\" id=\"current_category_slug_62\" value=\"policy-brief-cat\" \/>                    <input type=\"hidden\" id=\"current_ordering_62\" value=\"created_time\" \/>                    <input type=\"hidden\" id=\"current_ordering_direction_62\" value=\"desc\" \/>                    <input type=\"hidden\" id=\"page_limit_62\" value=\"20\" \/><input type=\"hidden\" id=\"wpfd_display_empty_category_message\" value=\"0\" \/><input type=\"hidden\" id=\"wpfd_empty_category_message_val\" value=\"This file category has no files to display\" \/><input type=\"hidden\" id=\"wpfd_display_empty_folder\" value=\"0\" \/><input type=\"hidden\" id=\"wpfd_is_empty_subcategories\" value=\"1\" \/><input type=\"hidden\" id=\"wpfd_is_empty_files\" value=\"1\" \/><input type=\"hidden\" id=\"wpfd_root_category_id\" class=\"wpfd_root_category_id\" value=\"62\" \/><input type=\"hidden\" id=\"wpfd_root_category_theme\" class=\"wpfd_root_category_theme\" value=\"defaultjau\" \/><input type=\"hidden\" id=\"wpfd_root_category_clone_theme_type\" class=\"wpfd_root_category_clone_theme_type\" value=\"none\" \/><input type=\"hidden\" id=\"wpfd_root_category_type\" class=\"wpfd_root_category_type\" value=\"62\" \/><input type=\"hidden\" id=\"wpfd_category_notify_file_changes\" class=\"wpfd_category_notify_file_changes\" value=\"0\" \/><input type=\"hidden\" id=\"wpfd_global_notify_file_changes\" class=\"wpfd_global_notify_file_changes\" value=\"0\" \/><input type=\"hidden\" id=\"wpfd_download_selected\" class=\"wpfd_download_selected\" value=\"0\" \/><input type=\"hidden\" id=\"wpfd_user_login\" class=\"wpfd_user_login\" value=\"0\" \/><div class=\"wpfd-content-header-section\"><div class=\"wpfd-header-btn-group\"><a class=\"wpfd-category-mail-subscribe-all\" href=\"#\" style=\"display: none\">Email Subscribe All<\/a><\/div><ul class=\"breadcrumbs wpfd-breadcrumbs-defaultjau head-category-defaultjau\">                            <li class=\"active\">Policy Brief (cat)<\/li>                        <\/ul><\/div>    <script type=\"text\/x-handlebars-template\" class=\"wpfd-template-categories\">        <div class=\"wpfd-categories \">{{#if category}}{{#with category}}<h2>{{name}}<\/h2>{{#if parent}}<a class=\"catlink backcategory\" href=\"#\" data-idcat=\"{{parent}}\">                        <i class=\"zmdi zmdi-chevron-left\"><\/i><span>Enrrere<\/span><\/a>{{\/if}}{{\/with}}{{\/if}}{{#if category.desc}}<div class=\"wpfd-category-desc\">{{category.desc}}<\/div>{{\/if}}{{#if categories}}{{#each categories}}<a class=\"wpfdcategory catlink \" style=\"margin : 10px 10px 10px 10px;\" href=\"#\" data-idcat=\"{{termID}}\" title=\"{{name}}\">                                <span>{{name}}<\/span><i class=\"zmdi zmdi-folder wpfd-folder\" style=\"color: {{color}}\"><\/i>                            <\/a>{{\/each}}{{\/if}}<div class=\"wpfdcategory_placeholder\" style=\"margin : 0 10px 0 10px;\"><\/div><div class=\"wpfdcategory_placeholder\" style=\"margin : 0 10px 0 10px;\"><\/div><div class=\"wpfdcategory_placeholder\" style=\"margin : 0 10px 0 10px;\"><\/div><\/div>    <\/script>    <script type=\"text\/x-handlebars-template\" class=\"wpfd-template-files\">        {{#if files }}        <div class=\"wpfd_list\">            {{#each files}}            <div class=\"file\" style=\"margin : 10px 10px 10px 10px;\" data-id=\"{{ID}}\" data-catid=\"{{catid}}\">                <div class=\"filecontent\">                    <div class=\"ext ext-{{ext}} wpfd-icon-set-svg\"><span class=\"txt\">{{ext}}<\/span><\/div><h3><a href=\"{{linkdownload}}\"   class=\"wpfd_downloadlink\" title=\"{{post_title}}\" target=\"{{#if remote_file}}_blank{{\/if}}\">{{{crop_title}}}<\/a><\/h3>                    <div class=\"file-xinfo\">                        {{#if description}}<div class=\"file-desc\">{{{description}}}<\/div>{{\/if}}{{#if versionNumber}}<div class=\"file-version\"><span>Desc\u00e0rregues (abans 6\/2023):<\/span> {{versionNumber}}<\/div>{{\/if}}<div class=\"file-size\"><span>Mida:<\/span> {{bytesToSize size}}<\/div><div class=\"file-hits\"><span>Desc\u00e0rregues: <\/span> {{hits}}<\/div><div class=\"file-dated\"><span>Data en la que s&#039;afegit:<\/span> {{created}}<\/div>                    <\/div>                <\/div>                <span class=\"file-right\">                    <a class=\"downloadlink wpfd_downloadlink\"  href=\"{{linkdownload}}\"  style=\"background-color:#76bc58;color:#ffffff;\" target=\"{{#if remote_file}}_blank{{\/if}}\">Descarrega<i class=\"zmdi zmdi-cloud-download wpfd-download\"><\/i><\/a>                <\/span>            <\/div>            {{\/each}}            <div class=\"file flex_span\" style=\"margin : 10px 10px 10px 10px;\"><\/div>        <\/div>        {{\/if}}    <\/script><div class=\"wpfd-container show_category_title show_breadcrumb show_subcategories\">        <div class=\"wpfd-open-tree\"><\/div>    <div class=\"wpfd-container-defaultjau \">        <div class=\"wpfd-categories \"><h2 class=\"wpfd-category-theme-title\">Policy Brief (cat)<\/h2><div class=\"wpfd-category-desc\"><\/div><\/div>                    <div class=\"wpfd_list\">                                                        <div class=\"file\" style=\"margin : 10px 10px 10px 10px;\"                         data-id=\"2053\"                         data-catid=\"62\">                            <div class=\"filecontent\">                                <div class=\"ext ext-pdf wpfd-icon-set-svg\"><span class=\"txt\">pdf<\/span><\/div><h3><a href=\"http:\/\/europeg.com\/descargas\/62\/policy-brief-cat\/2053\/22-la-nova-politica-industrial-a-la-unio-europea.pdf\"   class=\"wpfd_downloadlink\" title=\"22.- La nova pol\u00edtica industrial a la Uni\u00f3 Europea\" target=\"\">22.- La nova pol\u00edtica industrial a la Uni\u00f3 Europea<\/a><\/h3>                                <div class=\"file-xinfo\">                                    <div class=\"file-desc\">En els darrers anys, s\u2019ha observat un increment de l\u2019intervencionisme selectiu per part dels estats en l\u2019economia amb el prop\u00f2sit d\u2019influir en les decisions de producci\u00f3 i intercanvi dels actors p\u00fablics i privats. Aquest fenomen, identificat amb la denominaci\u00f3 gen\u00e8rica de pol\u00edtica industrial, ha ressorgit, primer, com a resposta a diverses crisis \u2014financera, sanit\u00e0ria i energ\u00e8tica\u2014 que han afectat el creixement econ\u00f2mic i han fet evident la vulnerabilitat dels pa\u00efsos en un context d\u2019interdepend\u00e8ncia productiva i comercial, resultat de la globalitzaci\u00f3. I segon, pel descobriment de la import\u00e0ncia de les externalitats en seguretat nacional. Les decisions de producci\u00f3 empresarial incideixen en la capacitat dels estats per respondre davant d\u2019accions de tercers que puguin comprometre\u2019n la seguretat, i debilitar la seva posici\u00f3 en escenaris de negociaci\u00f3 internacional. En aquest context, els estats recorren a la intervenci\u00f3 econ\u00f2mica per orientar les decisions productives i comercials cap a objectius estrat\u00e8gics com la resili\u00e8ncia i la seguretat nacional.<\/div><div class=\"file-size\"><span>Mida:<\/span> 808.54 KB<\/div><div class=\"file-hits\"><span>Desc\u00e0rregues: <\/span> 39<\/div><div class=\"file-dated\"><span>Data en la que s&#039;afegit:<\/span> 11-11-2025<\/div>                                <\/div>                            <\/div>                            <div class=\"file-right\">                                <a class=\"downloadlink wpfd_downloadlink\"  href=\"http:\/\/europeg.com\/descargas\/62\/policy-brief-cat\/2053\/22-la-nova-politica-industrial-a-la-unio-europea.pdf\"  style=\"background-color:#76bc58;color:#ffffff;\" target=\"\">Descarrega<i class=\"zmdi zmdi-cloud-download wpfd-download\"><\/i><\/a>                            <\/div>                    <\/div>                                                                            <div class=\"file\" style=\"margin : 10px 10px 10px 10px;\"                         data-id=\"2029\"                         data-catid=\"62\">                            <div class=\"filecontent\">                                <div class=\"ext ext-pdf wpfd-icon-set-svg\"><span class=\"txt\">pdf<\/span><\/div><h3><a href=\"http:\/\/europeg.com\/descargas\/62\/policy-brief-cat\/2029\/21-inversio-productivitat-i-saldo-exterior-en-leconomia-espanyola-2000-2023.pdf\"   class=\"wpfd_downloadlink\" title=\"21.- Inversi\u00f3, productivitat i saldo exterior en l\u2019economia espanyola (2000-2023)\" target=\"\">21.- Inversi\u00f3, productivitat i saldo exterior en l\u2019economia espanyola (2000-2023)<\/a><\/h3>                                <div class=\"file-xinfo\">                                    <div class=\"file-desc\">L\u2019evoluci\u00f3 de l\u2019economia espanyola durant la darrera d\u00e8cada es caracteritza per dos fen\u00f2mens que trenquen patrons hist\u00f2rics anteriors. El primer \u00e9s un diferencial d\u2019inversi\u00f3 negatiu (com a percentatge del PIB) si es compara amb els principals pa\u00efsos europeus, del qual s\u2019ha assenyalat que podria afectar negativament el creixement de la productivitat. El segon \u00e9s un saldo per compte corrent positiu i persistent durant la fase expansiva del cicle. Mentre que el primer fenomen semblaria apuntar a d\u00e8ficits estructurals de l\u2019economia espanyola, el segon \u00e9s indicatiu d\u2019una millora de la competitivitat. Tots dos fen\u00f2mens estan relacionats, ja que la contrapartida a un saldo exterior positiu \u00e9s una transfer\u00e8ncia de recursos a altres economies, que contribueix a reduir el deute acumulat en el passat en comptes de refor\u00e7ar la formaci\u00f3 bruta de capital al mateix pa\u00eds. A l\u2019informe sobre el futur del mercat \u00fanic coordinat per Enrico Letta, es fa refer\u00e8ncia expl\u00edcita a la bretxa sistem\u00e0tica entre estalvi i inversi\u00f3 a escala europea, que es tradueix en un flux anual d\u2019uns \u201c300.000 milers de milions d\u2019euros d\u2019estalvis de les fam\u00edlies europees [\u2026] cap a l\u2019exterior, principalment cap a l\u2019economia americana, a causa de la fragmentaci\u00f3 dels nostres mercats financers\u201d (Letta, 2024, p. 11; traducci\u00f3 de l\u2019autor).<\/div><div class=\"file-size\"><span>Mida:<\/span> 1.22 MB<\/div><div class=\"file-hits\"><span>Desc\u00e0rregues: <\/span> 61<\/div><div class=\"file-dated\"><span>Data en la que s&#039;afegit:<\/span> 13-06-2025<\/div>                                <\/div>                            <\/div>                            <div class=\"file-right\">                                <a class=\"downloadlink wpfd_downloadlink\"  href=\"http:\/\/europeg.com\/descargas\/62\/policy-brief-cat\/2029\/21-inversio-productivitat-i-saldo-exterior-en-leconomia-espanyola-2000-2023.pdf\"  style=\"background-color:#76bc58;color:#ffffff;\" target=\"\">Descarrega<i class=\"zmdi zmdi-cloud-download wpfd-download\"><\/i><\/a>                            <\/div>                    <\/div>                                                                            <div class=\"file\" style=\"margin : 10px 10px 10px 10px;\"                         data-id=\"2002\"                         data-catid=\"62\">                            <div class=\"filecontent\">                                <div class=\"ext ext-pdf wpfd-icon-set-svg\"><span class=\"txt\">pdf<\/span><\/div><h3><a href=\"http:\/\/europeg.com\/descargas\/62\/policy-brief-cat\/2002\/20-reabsorcio-de-desequilibris-financers-i-resiliencia-de-leconomia-espanyola-2008-2024-una-visio-a-llarg-termini.pdf\"   class=\"wpfd_downloadlink\" title=\"20.- Reabsorci\u00f3 de desequilibris financers i resili\u00e8ncia de l\u2019economia espanyola 2008-2024: una visi\u00f3 a llarg termini\" target=\"\">20.- Reabsorci\u00f3 de desequilibris financers i resili\u00e8ncia de l\u2019economia espanyola 2008-2024: una visi\u00f3 a llarg termini<\/a><\/h3>                                <div class=\"file-xinfo\">                                    <div class=\"file-desc\">El 2023, la Comissi\u00f3 Europea continuava situant Espanya entre els pa\u00efsos de la Uni\u00f3 amb desequilibris macroecon\u00f2mics excessius, encara que l\u2019\u00e8mfasi sobre la gravetat s\u2019ha anat reduint. Pel que fa als aspectes cr\u00edtics del saldo per compte corrent o l\u2019endeutament net exterior, per exemple, el 2023 la Comissi\u00f3 centrava la seva an\u00e0lisi en els problemes de pa\u00efsos amb PII excessivament negatives (Gr\u00e8cia, Xipre, Portugal, Hongria, Let\u00f2nia, Litu\u00e0nia i Eslov\u00e0quia) sense referir-se ja a Espanya (EC, 2023h). Una abs\u00e8ncia que reflecteix com, a partir del 2021, han continuat mantenint els super\u00e0vits exteriors i les tend\u00e8ncies de despalanquejament iniciades ja fa m\u00e9s d\u2019una d\u00e8cada. Per tant, el maig del 2024 s\u2019ha consolidat una certa normalitat pel que fa als excessos de deute intern i extern que ajuda a comprendre la resist\u00e8ncia de l\u2019economia als xocs experimentats des del 2020. No obstant aix\u00f2, aquesta millora \u00e9s, parcialment, asim\u00e8trica perqu\u00e8 davant de la reducci\u00f3 del deute privat ha sorgit un endeutament p\u00fablic elevat, i tant l\u2019endeutament interior com l\u2019exterior encara s\u2019han de reduir.<\/div><div class=\"file-size\"><span>Mida:<\/span> 2.46 MB<\/div><div class=\"file-hits\"><span>Desc\u00e0rregues: <\/span> 0<\/div><div class=\"file-dated\"><span>Data en la que s&#039;afegit:<\/span> 13-11-2024<\/div>                                <\/div>                            <\/div>                            <div class=\"file-right\">                                <a class=\"downloadlink wpfd_downloadlink\"  href=\"http:\/\/europeg.com\/descargas\/62\/policy-brief-cat\/2002\/20-reabsorcio-de-desequilibris-financers-i-resiliencia-de-leconomia-espanyola-2008-2024-una-visio-a-llarg-termini.pdf\"  style=\"background-color:#76bc58;color:#ffffff;\" target=\"\">Descarrega<i class=\"zmdi zmdi-cloud-download wpfd-download\"><\/i><\/a>                            <\/div>                    <\/div>                                                                            <div class=\"file\" style=\"margin : 10px 10px 10px 10px;\"                         data-id=\"1935\"                         data-catid=\"62\">                            <div class=\"filecontent\">                                <div class=\"ext ext-pdf wpfd-icon-set-svg\"><span class=\"txt\">pdf<\/span><\/div><h3><a href=\"http:\/\/europeg.com\/descargas\/62\/policy-brief-cat\/1935\/19-la-unio-de-mercat-de-capitals-davant-del-next-generation-eu.pdf\"   class=\"wpfd_downloadlink\" title=\"19.- La uni\u00f3 de mercat de capitals davant del Next Generation EU\" target=\"\">19.- La uni\u00f3 de mercat de capitals davant del Next Generation EU<\/a><\/h3>                                <div class=\"file-xinfo\">                                    <div class=\"file-desc\"><\/div><div class=\"file-size\"><span>Mida:<\/span> 1.37 MB<\/div><div class=\"file-hits\"><span>Desc\u00e0rregues: <\/span> 180<\/div><div class=\"file-dated\"><span>Data en la que s&#039;afegit:<\/span> 27-07-2023<\/div>                                <\/div>                            <\/div>                            <div class=\"file-right\">                                <a class=\"downloadlink wpfd_downloadlink\"  href=\"http:\/\/europeg.com\/descargas\/62\/policy-brief-cat\/1935\/19-la-unio-de-mercat-de-capitals-davant-del-next-generation-eu.pdf\"  style=\"background-color:#76bc58;color:#ffffff;\" target=\"\">Descarrega<i class=\"zmdi zmdi-cloud-download wpfd-download\"><\/i><\/a>                            <\/div>                    <\/div>                                                                            <div class=\"file\" style=\"margin : 10px 10px 10px 10px;\"                         data-id=\"1499\"                         data-catid=\"62\">                            <div class=\"filecontent\">                                <div class=\"ext ext-pdf wpfd-icon-set-svg\"><span class=\"txt\">pdf<\/span><\/div><h3><a href=\"http:\/\/europeg.com\/descargas\/62\/policy-brief-cat\/1499\/18-cap-a-una-nova-governanca-fiscal-a-la-zona-euro.pdf\"   class=\"wpfd_downloadlink\" title=\"18.- Cap a una nova governan\u00e7a fiscal a la zona euro\" target=\"\">18.- Cap a una nova governan\u00e7a fiscal a la zona euro<\/a><\/h3>                                <div class=\"file-xinfo\">                                    <div class=\"file-desc\">Durant molt de temps s\u2019ha pensat que la uni\u00f3 monet\u00e0ria nom\u00e9s pot funcionar b\u00e9 si el sistema de govern imposa una disciplina fiscal extra als pa\u00efsos membres de la uni\u00f3. Sostenim que els arguments a favor d\u2019una disciplina fiscal extra a la uni\u00f3 monet\u00e0ria s\u00f3n escassos. L\u2019actual Pacte d\u2019Estabilitat i Creixement (PEC) s\u2019ha trencat. Presenta una complexitat incre\u00efble, que s\u2019ha anat construint al llarg dels anys des que va quedar clar que la disciplina fiscal basada en l\u2019\u00fas d\u2019objectius num\u00e8rics no funciona. El resultat ha estat la p\u00e8rdua de credibilitat com a m\u00e8tode per organitzar la disciplina fiscal. Hi ha la necessitat urgent de reformar les regles fiscals incloses al PEC. Aquest article contribueix a aquest debat desenvolupant els principis que haurien de guiar la reforma de la normativa fiscal a la zona euro. Aquests principis s\u00f3n que els objectius num\u00e8rics s\u2019haurien de reempla\u00e7ar per an\u00e0lisis de sostenibilitat del pressupost de cadascun dels estats membres i de les perspectives del deute. A m\u00e9s, expliquem que aquestes reformes haurien de prioritzar les inversions p\u00fabliques i fer possible que es poguessin finan\u00e7ar emetent deute. Finalment, sostenim que qualsevol sistema de govern de la sostenibilitat fiscal hauria d\u2019integrar-se a les pol\u00edtiques del Banc Central Europeu (BCE) relatives a la tinen\u00e7a de bons d\u2019Estat. Les decisions del BCE de vendre o no vendre aquests bons afecten la sostenibilitat del deute p\u00fablic dels estats membres de la uni\u00f3.<\/div><div class=\"file-version\"><span>Desc\u00e0rregues (abans 6\/2023):<\/span> 38<\/div><div class=\"file-size\"><span>Mida:<\/span> 0.99 MB<\/div><div class=\"file-hits\"><span>Desc\u00e0rregues: <\/span> 129<\/div><div class=\"file-dated\"><span>Data en la que s&#039;afegit:<\/span> 31-03-2023<\/div>                                <\/div>                            <\/div>                            <div class=\"file-right\">                                <a class=\"downloadlink wpfd_downloadlink\"  href=\"http:\/\/europeg.com\/descargas\/62\/policy-brief-cat\/1499\/18-cap-a-una-nova-governanca-fiscal-a-la-zona-euro.pdf\"  style=\"background-color:#76bc58;color:#ffffff;\" target=\"\">Descarrega<i class=\"zmdi zmdi-cloud-download wpfd-download\"><\/i><\/a>                            <\/div>                    <\/div>                                                                            <div class=\"file\" style=\"margin : 10px 10px 10px 10px;\"                         data-id=\"1500\"                         data-catid=\"62\">                            <div class=\"filecontent\">                                <div class=\"ext ext-pdf wpfd-icon-set-svg\"><span class=\"txt\">pdf<\/span><\/div><h3><a href=\"http:\/\/europeg.com\/descargas\/62\/policy-brief-cat\/1500\/17-els-fons-next-generation-i-el-seu-efecte-sobre-la-sostenibilitat-del-cicle-de-laigua.pdf\"   class=\"wpfd_downloadlink\" title=\"17. - Els fons Next Generation i el seu efecte sobre la sostenibilitat del cicle de l&#039;aigua\" target=\"\">17. - Els fons Next Generation i el seu efecte sobre la sostenibilitat del cicle de l&#039;aigua<\/a><\/h3>                                <div class=\"file-xinfo\">                                    <div class=\"file-desc\">Aquest document pret\u00e9n ser una an\u00e0lisi sobre l\u2019\u00fas delsAquest document pret\u00e9n ser una an\u00e0lisi sobre l\u2019\u00fas delsfons Next Generation per aconseguir una gesti\u00f3sostenible de l\u2019aigua. Per aix\u00f2 el Govern d\u2019Espanya haelaborat el Pla de recuperaci\u00f3, transformaci\u00f3 i resili\u00e8ncia(PRTR). L\u2019enfocament del document fa esment al paperclau de l\u2019aigua en el manteniment i restauraci\u00f3 del bonestat del medi. La idea es basa en el fet que \u00e9s necess\u00e0riauna gesti\u00f3 de l\u2019aigua respectuosa amb l\u2019entorn, queaporti garantia de recurs i dels serveis ecosist\u00e8mics queens proporciona. Per al futur, doncs, \u00e9s necess\u00e0ria unagesti\u00f3 integrada de l\u2019aigua en tots els seus \u00e0mbits (aig\u00fcescontinentals, subterr\u00e0nies, dolces, salobres, de transici\u00f3i costaneres). Tamb\u00e9 s\u2019ha de tenir en compte la relaci\u00f3entre els sistemes aqu\u00e0tics i els ecosistemes terrestresque en depenen. Aquesta orientaci\u00f3 \u00e9s la que proposa laDirectiva 2000\/60\/EC del Parlament Europeu i delConsell, de 23 d\u2019octubre de 2000, per la qual s\u2019estableixun marc comunitari d\u2019actuaci\u00f3 en l\u2019\u00e0mbit de la pol\u00edticad\u2019aig\u00fces (DMA) aprovada fa dos decennis.<\/div><div class=\"file-version\"><span>Desc\u00e0rregues (abans 6\/2023):<\/span> 198<\/div><div class=\"file-size\"><span>Mida:<\/span> 1.45 MB<\/div><div class=\"file-hits\"><span>Desc\u00e0rregues: <\/span> 136<\/div><div class=\"file-dated\"><span>Data en la que s&#039;afegit:<\/span> 20-09-2022<\/div>                                <\/div>                            <\/div>                            <div class=\"file-right\">                                <a class=\"downloadlink wpfd_downloadlink\"  href=\"http:\/\/europeg.com\/descargas\/62\/policy-brief-cat\/1500\/17-els-fons-next-generation-i-el-seu-efecte-sobre-la-sostenibilitat-del-cicle-de-laigua.pdf\"  style=\"background-color:#76bc58;color:#ffffff;\" target=\"\">Descarrega<i class=\"zmdi zmdi-cloud-download wpfd-download\"><\/i><\/a>                            <\/div>                    <\/div>                                                                            <div class=\"file\" style=\"margin : 10px 10px 10px 10px;\"                         data-id=\"1501\"                         data-catid=\"62\">                            <div class=\"filecontent\">                                <div class=\"ext ext-pdf wpfd-icon-set-svg\"><span class=\"txt\">pdf<\/span><\/div><h3><a href=\"http:\/\/europeg.com\/descargas\/62\/policy-brief-cat\/1501\/16-desequilibris-financers-de-leconomia-espanyola-2013-2019-efectes-de-la-covid-19-i-impacte-de-la-intervencio-del-bce.pdf\"   class=\"wpfd_downloadlink\" title=\"16.- &quot;Desequilibris financers de l\u2019economia espanyola 2013-2019, efectes de la covid-19 i impacte de la intervencio\u0301 del BCE&quot;\" target=\"\">16.- &quot;Desequilibris financers de l\u2019economia espanyola 2013-2019, efectes de la covid-19 i impacte de la intervencio\u0301 del BCE&quot;<\/a><\/h3>                                <div class=\"file-xinfo\">                                    <div class=\"file-desc\">La situacio\u0301 econo\u0300mica espanyola a finals de 2021 ha consolidat la recuperacio\u0301 iniciada a la primavera, encara que els efectes sobre l\u2019activitat de la sisena onada de la covid, i els que pugui generar la nova variant o\u0300micron, no seran positius. Amb aquest rerefons, l\u2019efecte de la covid va ser d\u2019una magnitud mai vista des que s\u2019elaboren comptes nacionals: el 2020, la caiguda del PIB va arribar a un -10,8 %. I aixo\u0300, en un context en que\u0300 la recuperacio\u0301 no ha perme\u0300s encara arribar als nivells prepande\u0300mics en la majoria de les magnituds rellevants.<\/div><div class=\"file-version\"><span>Desc\u00e0rregues (abans 6\/2023):<\/span> 360<\/div><div class=\"file-size\"><span>Mida:<\/span> 1.72 MB<\/div><div class=\"file-hits\"><span>Desc\u00e0rregues: <\/span> 130<\/div><div class=\"file-dated\"><span>Data en la que s&#039;afegit:<\/span> 10-03-2022<\/div>                                <\/div>                            <\/div>                            <div class=\"file-right\">                                <a class=\"downloadlink wpfd_downloadlink\"  href=\"http:\/\/europeg.com\/descargas\/62\/policy-brief-cat\/1501\/16-desequilibris-financers-de-leconomia-espanyola-2013-2019-efectes-de-la-covid-19-i-impacte-de-la-intervencio-del-bce.pdf\"  style=\"background-color:#76bc58;color:#ffffff;\" target=\"\">Descarrega<i class=\"zmdi zmdi-cloud-download wpfd-download\"><\/i><\/a>                            <\/div>                    <\/div>                                                                            <div class=\"file\" style=\"margin : 10px 10px 10px 10px;\"                         data-id=\"1498\"                         data-catid=\"62\">                            <div class=\"filecontent\">                                <div class=\"ext ext-pdf wpfd-icon-set-svg\"><span class=\"txt\">pdf<\/span><\/div><h3><a href=\"http:\/\/europeg.com\/descargas\/62\/policy-brief-cat\/1498\/15-per-fer-front-a-la-crisi-de-la-covid-19-avancar-cap-a-la-integracio-europea.pdf\"   class=\"wpfd_downloadlink\" title=\"15.- &quot;Per fer front a la crisi de la COVID-19: avan\u00e7ar cap a la integraci\u00f3 europea&quot;\" target=\"\">15.- &quot;Per fer front a la crisi de la COVID-19: avan\u00e7ar cap a la integraci\u00f3 europea&quot;<\/a><\/h3>                                <div class=\"file-xinfo\">                                    <div class=\"file-desc\">La resposta a la crisi de la COVID-19 pot significar un pas qualitativament important en l\u2019acceleraci\u00f3 del proc\u00e9s d\u2019integraci\u00f3 europea. \u00c9s evident que la partida no est\u00e0 jugada i que hi ha nombrosos obstacles al davant. Per\u00f2 de la mateixa manera que la resposta de la UE al sotrac provocat per la Gran Recessi\u00f3 va suposar inicialment un retroc\u00e9s, la resposta davant de la crisi de la COVID-19 resulta encoratjadora. Significa, com s\u2019ha subratllat, obrir la via a avan\u00e7os interessants cap a una uni\u00f3 fiscal, en els tres pilars en que aquesta es fonamenta: un pressupost comunitari digne d\u2019aquest nom, uns recursos obtinguts directament en forma d\u2019impostos pagats pels ciutadans i un Tresor capa\u00e7 d\u2019emetre deute. Tamb\u00e9 pot contribuir a donar una passa cap a la uni\u00f3 del mercat de capitals, en la mesura en que es posar\u00e0 en circulaci\u00f3 un nou actiu de seguretat inq\u00fcestionable, com s\u00f3n els bons emesos per la Comissi\u00f3. Refor\u00e7a el paper de la Comissi\u00f3 i el Parlament, en detriment dels acords intergovernamentals. I, per damunt de tot, la resposta de la UE constitueix un missatge inequ\u00edvoc de la voluntat de fer front plegats a les adversitats.<\/div><div class=\"file-version\"><span>Desc\u00e0rregues (abans 6\/2023):<\/span> 1006<\/div><div class=\"file-size\"><span>Mida:<\/span> 1.33 MB<\/div><div class=\"file-hits\"><span>Desc\u00e0rregues: <\/span> 125<\/div><div class=\"file-dated\"><span>Data en la que s&#039;afegit:<\/span> 21-04-2021<\/div>                                <\/div>                            <\/div>                            <div class=\"file-right\">                                <a class=\"downloadlink wpfd_downloadlink\"  href=\"http:\/\/europeg.com\/descargas\/62\/policy-brief-cat\/1498\/15-per-fer-front-a-la-crisi-de-la-covid-19-avancar-cap-a-la-integracio-europea.pdf\"  style=\"background-color:#76bc58;color:#ffffff;\" target=\"\">Descarrega<i class=\"zmdi zmdi-cloud-download wpfd-download\"><\/i><\/a>                            <\/div>                    <\/div>                                                                            <div class=\"file\" style=\"margin : 10px 10px 10px 10px;\"                         data-id=\"1496\"                         data-catid=\"62\">                            <div class=\"filecontent\">                                <div class=\"ext ext-pdf wpfd-icon-set-svg\"><span class=\"txt\">pdf<\/span><\/div><h3><a href=\"http:\/\/europeg.com\/descargas\/62\/policy-brief-cat\/1496\/14-finances-i-medi-ambient.pdf\"   class=\"wpfd_downloadlink\" title=\"14.- &quot;Finances i medi ambient&quot;\" target=\"\">14.- &quot;Finances i medi ambient&quot;<\/a><\/h3>                                <div class=\"file-xinfo\">                                    <div class=\"file-desc\">El Policy Brief n\u00famero 13 de EuropeG: El canvi clim\u00e0tic imposa uns costos sobre futures generacions; no obstant aix\u00f2, la generaci\u00f3 actual no t\u00e9 incentius per evitar-ho, el que provoca la denominada \u201ctrag\u00e8dia de l\u2019horitz\u00f3\u201d, com la va definir Mark Carney, president del Financial Stability Board (FSB) i governador del Banc d\u2019Anglaterra.  Per resoldre aquesta paradoxa, i sobretot per establir els incentius apropiats, el millor \u00e9s involucrar els mercats financers i posar preu als objectius i compromisos acordats a la cimera de Par\u00eds. Ara b\u00e9, per fer-ho resulta absolutament imprescindible m\u00e9s transpar\u00e8ncia informativa. I certament hi ha importants defici\u00e8ncies informatives sobre riscos financers associats al clima.Autors: \u00c1ngel Berges, Emilio Ontiveros i Ricardo Pedraz, Analistas Financieros Internacionales<\/div><div class=\"file-version\"><span>Desc\u00e0rregues (abans 6\/2023):<\/span> 1921<\/div><div class=\"file-size\"><span>Mida:<\/span> 826.15 KB<\/div><div class=\"file-hits\"><span>Desc\u00e0rregues: <\/span> 129<\/div><div class=\"file-dated\"><span>Data en la que s&#039;afegit:<\/span> 03-04-2019<\/div>                                <\/div>                            <\/div>                            <div class=\"file-right\">                                <a class=\"downloadlink wpfd_downloadlink\"  href=\"http:\/\/europeg.com\/descargas\/62\/policy-brief-cat\/1496\/14-finances-i-medi-ambient.pdf\"  style=\"background-color:#76bc58;color:#ffffff;\" target=\"\">Descarrega<i class=\"zmdi zmdi-cloud-download wpfd-download\"><\/i><\/a>                            <\/div>                    <\/div>                                                                            <div class=\"file\" style=\"margin : 10px 10px 10px 10px;\"                         data-id=\"1497\"                         data-catid=\"62\">                            <div class=\"filecontent\">                                <div class=\"ext ext-pdf wpfd-icon-set-svg\"><span class=\"txt\">pdf<\/span><\/div><h3><a href=\"http:\/\/europeg.com\/descargas\/62\/policy-brief-cat\/1497\/13-creixement-economic-amb-equilibri-exterior-un-nou-escenari-per-a-leconomia-espanola.pdf\"   class=\"wpfd_downloadlink\" title=\"13.- \u201cCreixement econ\u00f2mic amb equilibri exterior. Un nou escenari per a l\u2019economia espa\u00f1ola\u201d\" target=\"\">13.- \u201cCreixement econ\u00f2mic amb equilibri exterior. Un nou escenari per a l\u2019economia espa\u00f1ola\u201d<\/a><\/h3>                                <div class=\"file-xinfo\">                                    <div class=\"file-desc\">El Policy Brief n\u00famero 13 de EuropeG es focalitza en \u201cCreixement econ\u00f2mic amb equilibri exterior. Un nou escenari per a l\u2019economia espa\u00f1ola\u201d. Amb el tancament de 2017, l\u2019economia espanyola ha complert tres exercicis creixent a una taxa superior al 3 % anual i anotant un super\u00e0vit significatiu, tant en la balan\u00e7a per compte corrent i de capital, com en el saldo del comer\u00e7 exterior de b\u00e9ns i serveis, que tamb\u00e9 ha tendit a incrementar-se mesurat en termes reals. A m\u00e9s, el d\u00e8ficit en el comer\u00e7 de b\u00e9ns, un tret caracter\u00edstic dels comptes d\u2019Espanya amb l\u2019exterior, es troba actualment en el nivell m\u00e9s baix dels \u00faltims cinquanta anys, equivalent a l\u20191,9 % del PIB si es mesura en valors corrents.Autors: Rafael Myro (UCM), EuropeG<\/div><div class=\"file-version\"><span>Desc\u00e0rregues (abans 6\/2023):<\/span> 1719<\/div><div class=\"file-size\"><span>Mida:<\/span> 1.28 MB<\/div><div class=\"file-hits\"><span>Desc\u00e0rregues: <\/span> 117<\/div><div class=\"file-dated\"><span>Data en la que s&#039;afegit:<\/span> 28-06-2018<\/div>                                <\/div>                            <\/div>                            <div class=\"file-right\">                                <a class=\"downloadlink wpfd_downloadlink\"  href=\"http:\/\/europeg.com\/descargas\/62\/policy-brief-cat\/1497\/13-creixement-economic-amb-equilibri-exterior-un-nou-escenari-per-a-leconomia-espanola.pdf\"  style=\"background-color:#76bc58;color:#ffffff;\" target=\"\">Descarrega<i class=\"zmdi zmdi-cloud-download wpfd-download\"><\/i><\/a>                            <\/div>                    <\/div>                                                                            <div class=\"file\" style=\"margin : 10px 10px 10px 10px;\"                         data-id=\"1494\"                         data-catid=\"62\">                            <div class=\"filecontent\">                                <div class=\"ext ext-pdf wpfd-icon-set-svg\"><span class=\"txt\">pdf<\/span><\/div><h3><a href=\"http:\/\/europeg.com\/descargas\/62\/policy-brief-cat\/1494\/12-grandaria-i-productivitat-de-lempresa-espanyola-el-recurs-oblidat-de-la-qualitat-de-la-direccio.pdf\"   class=\"wpfd_downloadlink\" title=\"12.- &quot;Grand\u00e0ria i productivitat de l\u2019empresa espanyola. El recurs oblidat de la qualitat de la direcci\u00f3&quot;\" target=\"\">12.- &quot;Grand\u00e0ria i productivitat de l\u2019empresa espanyola. El recurs oblidat de la qualitat de la direcci\u00f3&quot;<\/a><\/h3>                                <div class=\"file-xinfo\">                                    <div class=\"file-desc\">El Policy Brief n\u00famero 12 de EuropeG es focalitza en \"Mida i productivitat de l'empresa espanyola. El recurs oblidat de la qualitat de la direcci\u00f3\". Els seus autors Emilio Huertas (Universitat P\u00fablica de Navarra), i Vicente Salas (Universitat de Saragossa) analitzen la realitat de les pimes a Espanya, la comparen amb altres pa\u00efsos de la Uni\u00f3 Europea i conclouen amb la recomanaci\u00f3 que la productivitat ha de protagonitzar el debat sobre el creixement i la dimensi\u00f3 empresarial.<\/div><div class=\"file-version\"><span>Desc\u00e0rregues (abans 6\/2023):<\/span> 1715<\/div><div class=\"file-size\"><span>Mida:<\/span> 635.83 KB<\/div><div class=\"file-hits\"><span>Desc\u00e0rregues: <\/span> 105<\/div><div class=\"file-dated\"><span>Data en la que s&#039;afegit:<\/span> 29-11-2017<\/div>                                <\/div>                            <\/div>                            <div class=\"file-right\">                                <a class=\"downloadlink wpfd_downloadlink\"  href=\"http:\/\/europeg.com\/descargas\/62\/policy-brief-cat\/1494\/12-grandaria-i-productivitat-de-lempresa-espanyola-el-recurs-oblidat-de-la-qualitat-de-la-direccio.pdf\"  style=\"background-color:#76bc58;color:#ffffff;\" target=\"\">Descarrega<i class=\"zmdi zmdi-cloud-download wpfd-download\"><\/i><\/a>                            <\/div>                    <\/div>                                                                            <div class=\"file\" style=\"margin : 10px 10px 10px 10px;\"                         data-id=\"1495\"                         data-catid=\"62\">                            <div class=\"filecontent\">                                <div class=\"ext ext-pdf wpfd-icon-set-svg\"><span class=\"txt\">pdf<\/span><\/div><h3><a href=\"http:\/\/europeg.com\/descargas\/62\/policy-brief-cat\/1495\/11-estrena-de-la-unio-bancaria-realitats-adaptatives.pdf\"   class=\"wpfd_downloadlink\" title=\"11.- &quot;Estrena de la uni\u00f3 banc\u00e0ria: realitats adaptatives&quot;\" target=\"\">11.- &quot;Estrena de la uni\u00f3 banc\u00e0ria: realitats adaptatives&quot;<\/a><\/h3>                                <div class=\"file-xinfo\">                                    <div class=\"file-desc\">Aquest document, elaborat per l\u2019economista Santiago Carb\u00f3, analitza en detall l\u2019aplicaci\u00f3 de l\u2019entramat de la uni\u00f3 banc\u00e0ria en aquesta primera etapa i compara les difer\u00e8ncies en la seva aplicaci\u00f3 a Espanya i It\u00e0lia, al mateix temps que posa de manifest altres debilitats relacionades amb el mateix entorn de la Uni\u00f3n Europea, l\u2019abs\u00e8ncia de l\u2019esquema de protecci\u00f3 de dip\u00f2sits i l\u2019aparici\u00f3 de la compet\u00e8ncia de les fintech, sense un tractament equitatiu amb els bancs en mat\u00e8ria regulat\u00f2ria i competitiva.<\/div><div class=\"file-version\"><span>Desc\u00e0rregues (abans 6\/2023):<\/span> 1707<\/div><div class=\"file-size\"><span>Mida:<\/span> 774.56 KB<\/div><div class=\"file-hits\"><span>Desc\u00e0rregues: <\/span> 105<\/div><div class=\"file-dated\"><span>Data en la que s&#039;afegit:<\/span> 03-07-2017<\/div>                                <\/div>                            <\/div>                            <div class=\"file-right\">                                <a class=\"downloadlink wpfd_downloadlink\"  href=\"http:\/\/europeg.com\/descargas\/62\/policy-brief-cat\/1495\/11-estrena-de-la-unio-bancaria-realitats-adaptatives.pdf\"  style=\"background-color:#76bc58;color:#ffffff;\" target=\"\">Descarrega<i class=\"zmdi zmdi-cloud-download wpfd-download\"><\/i><\/a>                            <\/div>                    <\/div>                                                                            <div class=\"file\" style=\"margin : 10px 10px 10px 10px;\"                         data-id=\"1489\"                         data-catid=\"62\">                            <div class=\"filecontent\">                                <div class=\"ext ext-pdf wpfd-icon-set-svg\"><span class=\"txt\">pdf<\/span><\/div><h3><a href=\"http:\/\/europeg.com\/descargas\/62\/policy-brief-cat\/1489\/10-el-perque-i-el-com-de-la-politica-drdi-la-situacio-a-espanya.pdf\"   class=\"wpfd_downloadlink\" title=\"10.- &quot;El perqu\u00e8 i el com de la pol\u00edtica d\u2019R+D+I. La situaci\u00f3 a Espanya&quot;\" target=\"\">10.- &quot;El perqu\u00e8 i el com de la pol\u00edtica d\u2019R+D+I. La situaci\u00f3 a Espanya&quot;<\/a><\/h3>                                <div class=\"file-xinfo\">                                    <div class=\"file-desc\">El Policy Brief n\u00fam 10 d\u2019europeG ha estat elaborat per Mart\u00ed Parellada, membre d\u2019europeG, i Luis Sanz Men\u00e9ndez, investigador del CSIC a l\u2019Institut de Pol\u00edtiques i B\u00e9ns P\u00fablics, amb el t\u00edtol \u201cEl perqu\u00e8 i el com de la pol\u00edtica d\u2019R+D+I. La situaci\u00f3 a Espanya\u201d. En el document s\u2019analitza amb detall l\u2019impacte de la crisi en la inversi\u00f3 en Investigaci\u00f3, Desenvolupament i Innovaci\u00f3 en el context mundial i europeu i es plantegen quines haurien de ser les reformes aplicables per a que l\u2019economia espanyola assoleixi, com a m\u00ednim, l\u2019objectiu marcat pel Govern espanyol, de dedicar el 2% del PIB a R+D el 2020.<\/div><div class=\"file-version\"><span>Desc\u00e0rregues (abans 6\/2023):<\/span> 1853<\/div><div class=\"file-size\"><span>Mida:<\/span> 840.69 KB<\/div><div class=\"file-hits\"><span>Desc\u00e0rregues: <\/span> 107<\/div><div class=\"file-dated\"><span>Data en la que s&#039;afegit:<\/span> 22-03-2017<\/div>                                <\/div>                            <\/div>                            <div class=\"file-right\">                                <a class=\"downloadlink wpfd_downloadlink\"  href=\"http:\/\/europeg.com\/descargas\/62\/policy-brief-cat\/1489\/10-el-perque-i-el-com-de-la-politica-drdi-la-situacio-a-espanya.pdf\"  style=\"background-color:#76bc58;color:#ffffff;\" target=\"\">Descarrega<i class=\"zmdi zmdi-cloud-download wpfd-download\"><\/i><\/a>                            <\/div>                    <\/div>                                                                            <div class=\"file\" style=\"margin : 10px 10px 10px 10px;\"                         data-id=\"1493\"                         data-catid=\"62\">                            <div class=\"filecontent\">                                <div class=\"ext ext-pdf wpfd-icon-set-svg\"><span class=\"txt\">pdf<\/span><\/div><h3><a href=\"http:\/\/europeg.com\/descargas\/62\/policy-brief-cat\/1493\/9-recuperacio-i-persistencia-de-fragilitats-deute-intern-i-sector-exterior-a-espanya-2013-2016.pdf\"   class=\"wpfd_downloadlink\" title=\"9.- &quot;Recuperaci\u00f3 i persist\u00e8ncia de fragilitats: deute intern i sector exterior a Espanya 2013-2016&quot;\" target=\"\">9.- &quot;Recuperaci\u00f3 i persist\u00e8ncia de fragilitats: deute intern i sector exterior a Espanya 2013-2016&quot;<\/a><\/h3>                                <div class=\"file-xinfo\">                                    <div class=\"file-desc\">En aquest treball, no es tracta de comprendre les raons de la recessi\u00f3 o les dificultats per reabsorbir el deute acumulat. Ara, el que \u00e9s rellevant \u00e9s avaluar els factors que hi ha darrere de la recuperaci\u00f3 i fins a quin punt aquesta recuperaci\u00f3 t\u00e9 bases s\u00f2lides. Aquest se centra en dos aspectes parcials, per\u00f2 molt rellevants. Primer, el paper de la confian\u00e7a internacional sobre Espanya en la recuperaci\u00f3 en curs i, per tant, i indirectament, el paper de les reformes internes. Segon, la situaci\u00f3 actual del deute intern i exterior en la recuperaci\u00f3, pel seu paper en l\u2019origen dels problemes que hi ha en la base de la crisi de l\u2019euro.<\/div><div class=\"file-version\"><span>Desc\u00e0rregues (abans 6\/2023):<\/span> 2153<\/div><div class=\"file-size\"><span>Mida:<\/span> 1.60 MB<\/div><div class=\"file-hits\"><span>Desc\u00e0rregues: <\/span> 110<\/div><div class=\"file-dated\"><span>Data en la que s&#039;afegit:<\/span> 06-10-2016<\/div>                                <\/div>                            <\/div>                            <div class=\"file-right\">                                <a class=\"downloadlink wpfd_downloadlink\"  href=\"http:\/\/europeg.com\/descargas\/62\/policy-brief-cat\/1493\/9-recuperacio-i-persistencia-de-fragilitats-deute-intern-i-sector-exterior-a-espanya-2013-2016.pdf\"  style=\"background-color:#76bc58;color:#ffffff;\" target=\"\">Descarrega<i class=\"zmdi zmdi-cloud-download wpfd-download\"><\/i><\/a>                            <\/div>                    <\/div>                                                                            <div class=\"file\" style=\"margin : 10px 10px 10px 10px;\"                         data-id=\"1492\"                         data-catid=\"62\">                            <div class=\"filecontent\">                                <div class=\"ext ext-pdf wpfd-icon-set-svg\"><span class=\"txt\">pdf<\/span><\/div><h3><a href=\"http:\/\/europeg.com\/descargas\/62\/policy-brief-cat\/1492\/8-la-banca-a-leurozona-un-sector-en-proces-de-transformacio.pdf\"   class=\"wpfd_downloadlink\" title=\"8.- &quot;La banca a l\u2019eurozona: un sector en proc\u00e9s de transformaci\u00f3&quot;\" target=\"\">8.- &quot;La banca a l\u2019eurozona: un sector en proc\u00e9s de transformaci\u00f3&quot;<\/a><\/h3>                                <div class=\"file-xinfo\">                                    <div class=\"file-desc\">En aquest treball es descriuen, en primer lloc, els canvis que han experimentat els sistemes bancaris de l\u2019eurozona en els \u00faltims anys en termes tant d\u2019estructura com en el seu marc regulador, dedicant en aquest cas una atenci\u00f3 especial a la uni\u00f3 banc\u00e0ria, el projecte m\u00e9s important dels \u00faltims trenta anys. A continuaci\u00f3 s\u2019analitzen els trets b\u00e0sics que presenten en l\u2019actualitat i al final s\u2019exposen els grans reptes als quals s\u2019enfronten en un futur inmediat.<\/div><div class=\"file-version\"><span>Desc\u00e0rregues (abans 6\/2023):<\/span> 2069<\/div><div class=\"file-size\"><span>Mida:<\/span> 1.59 MB<\/div><div class=\"file-hits\"><span>Desc\u00e0rregues: <\/span> 256<\/div><div class=\"file-dated\"><span>Data en la que s&#039;afegit:<\/span> 06-05-2016<\/div>                                <\/div>                            <\/div>                            <div class=\"file-right\">                                <a class=\"downloadlink wpfd_downloadlink\"  href=\"http:\/\/europeg.com\/descargas\/62\/policy-brief-cat\/1492\/8-la-banca-a-leurozona-un-sector-en-proces-de-transformacio.pdf\"  style=\"background-color:#76bc58;color:#ffffff;\" target=\"\">Descarrega<i class=\"zmdi zmdi-cloud-download wpfd-download\"><\/i><\/a>                            <\/div>                    <\/div>                                                                            <div class=\"file\" style=\"margin : 10px 10px 10px 10px;\"                         data-id=\"1491\"                         data-catid=\"62\">                            <div class=\"filecontent\">                                <div class=\"ext ext-pdf wpfd-icon-set-svg\"><span class=\"txt\">pdf<\/span><\/div><h3><a href=\"http:\/\/europeg.com\/descargas\/62\/policy-brief-cat\/1491\/7-la-creacio-de-mecanismes-destabilitzacio-macroeconomica-a-la-zona-euro.pdf\"   class=\"wpfd_downloadlink\" title=\"7.-&quot;La creaci\u00f3 de mecanismes d\u2019estabilitzaci\u00f3 macroecon\u00f2mica a la zona euro&quot;\" target=\"\">7.-&quot;La creaci\u00f3 de mecanismes d\u2019estabilitzaci\u00f3 macroecon\u00f2mica a la zona euro&quot;<\/a><\/h3>                                <div class=\"file-xinfo\">                                    <div class=\"file-desc\">La uni\u00f3 monet\u00e0ria planteja una dificultat inherent per fer front als problemes d\u2019estabilitzaci\u00f3 (provocats per l\u2019exist\u00e8ncia de xocs asim\u00e8trics) en un context recessiu. El document aprofundeix en les diverses propostes de creaci\u00f3 d\u2019un mecanisme europeu de car\u00e0cter estabilitzador. La seva implementaci\u00f3 podria ser un primer pas molt significatiu en l\u2019aven\u00e7 cap a una aut\u00e8ntica uni\u00f3 fiscal.<\/div><div class=\"file-version\"><span>Desc\u00e0rregues (abans 6\/2023):<\/span> 2216<\/div><div class=\"file-size\"><span>Mida:<\/span> 1.01 MB<\/div><div class=\"file-hits\"><span>Desc\u00e0rregues: <\/span> 107<\/div><div class=\"file-dated\"><span>Data en la que s&#039;afegit:<\/span> 26-10-2015<\/div>                                <\/div>                            <\/div>                            <div class=\"file-right\">                                <a class=\"downloadlink wpfd_downloadlink\"  href=\"http:\/\/europeg.com\/descargas\/62\/policy-brief-cat\/1491\/7-la-creacio-de-mecanismes-destabilitzacio-macroeconomica-a-la-zona-euro.pdf\"  style=\"background-color:#76bc58;color:#ffffff;\" target=\"\">Descarrega<i class=\"zmdi zmdi-cloud-download wpfd-download\"><\/i><\/a>                            <\/div>                    <\/div>                                                                            <div class=\"file\" style=\"margin : 10px 10px 10px 10px;\"                         data-id=\"1490\"                         data-catid=\"62\">                            <div class=\"filecontent\">                                <div class=\"ext ext-pdf wpfd-icon-set-svg\"><span class=\"txt\">pdf<\/span><\/div><h3><a href=\"http:\/\/europeg.com\/descargas\/62\/policy-brief-cat\/1490\/6-la-unio-bancaria-com-a-via-denfortiment-de-la-uem.pdf\"   class=\"wpfd_downloadlink\" title=\"6- &quot;La Uni\u00f3 Banc\u00e0ria com a via d&#039;enfortiment de la UEM&quot;\" target=\"\">6- &quot;La Uni\u00f3 Banc\u00e0ria com a via d&#039;enfortiment de la UEM&quot;<\/a><\/h3>                                <div class=\"file-xinfo\">                                    <div class=\"file-desc\">La Uni\u00f3 Banc\u00e0ria ha d'allunyar els riscos del vincle pervers entre deute sobir\u00e0 i estabilitat banc\u00e0ria per a que els contribuents no tornin a suportar el gruix dels costos de les crisis banc\u00e0ries.<\/div><div class=\"file-version\"><span>Desc\u00e0rregues (abans 6\/2023):<\/span> 2176<\/div><div class=\"file-size\"><span>Mida:<\/span> 815.74 KB<\/div><div class=\"file-hits\"><span>Desc\u00e0rregues: <\/span> 116<\/div><div class=\"file-dated\"><span>Data en la que s&#039;afegit:<\/span> 13-11-2014<\/div>                                <\/div>                            <\/div>                            <div class=\"file-right\">                                <a class=\"downloadlink wpfd_downloadlink\"  href=\"http:\/\/europeg.com\/descargas\/62\/policy-brief-cat\/1490\/6-la-unio-bancaria-com-a-via-denfortiment-de-la-uem.pdf\"  style=\"background-color:#76bc58;color:#ffffff;\" target=\"\">Descarrega<i class=\"zmdi zmdi-cloud-download wpfd-download\"><\/i><\/a>                            <\/div>                    <\/div>                                                                            <div class=\"file\" style=\"margin : 10px 10px 10px 10px;\"                         data-id=\"1488\"                         data-catid=\"62\">                            <div class=\"filecontent\">                                <div class=\"ext ext-pdf wpfd-icon-set-svg\"><span class=\"txt\">pdf<\/span><\/div><h3><a href=\"http:\/\/europeg.com\/descargas\/62\/policy-brief-cat\/1488\/5-aspectes-clau-en-lajust-de-leconomia-espanyola-2012-2014.pdf\"   class=\"wpfd_downloadlink\" title=\"5- &quot; Aspectes clau en l&#039;ajust de l&#039;economia espanyola 2012-2014&quot;\" target=\"\">5- &quot; Aspectes clau en l&#039;ajust de l&#039;economia espanyola 2012-2014&quot;<\/a><\/h3>                                <div class=\"file-xinfo\">                                    <div class=\"file-desc\">L'economia espanyola est\u00e0 sortint de la recessi\u00f3, el finan\u00e7ament exterior ha millorat substancialment i les previsions d'activitat i ocupaci\u00f3 anticipen un nou cicle, tot i que la seva fortalesa est\u00e0 per demostrar.<\/div><div class=\"file-version\"><span>Desc\u00e0rregues (abans 6\/2023):<\/span> 3213<\/div><div class=\"file-size\"><span>Mida:<\/span> 1.62 MB<\/div><div class=\"file-hits\"><span>Desc\u00e0rregues: <\/span> 125<\/div><div class=\"file-dated\"><span>Data en la que s&#039;afegit:<\/span> 07-06-2014<\/div>                                <\/div>                            <\/div>                            <div class=\"file-right\">                                <a class=\"downloadlink wpfd_downloadlink\"  href=\"http:\/\/europeg.com\/descargas\/62\/policy-brief-cat\/1488\/5-aspectes-clau-en-lajust-de-leconomia-espanyola-2012-2014.pdf\"  style=\"background-color:#76bc58;color:#ffffff;\" target=\"\">Descarrega<i class=\"zmdi zmdi-cloud-download wpfd-download\"><\/i><\/a>                            <\/div>                    <\/div>                                                                            <div class=\"file\" style=\"margin : 10px 10px 10px 10px;\"                         data-id=\"1487\"                         data-catid=\"62\">                            <div class=\"filecontent\">                                <div class=\"ext ext-pdf wpfd-icon-set-svg\"><span class=\"txt\">pdf<\/span><\/div><h3><a href=\"http:\/\/europeg.com\/descargas\/62\/policy-brief-cat\/1487\/4-la-reforma-de-la-universitat-un-impuls-a-la-competitivitat-de-leconomia-espanyola.pdf\"   class=\"wpfd_downloadlink\" title=\"4 - &quot;La reforma de la universitat. Un impuls a la competitivitat de l&#039;economia espanyola&quot;\" target=\"\">4 - &quot;La reforma de la universitat. Un impuls a la competitivitat de l&#039;economia espanyola&quot;<\/a><\/h3>                                <div class=\"file-xinfo\">                                    <div class=\"file-desc\">Les reformes de car\u00e0cter estructural s\u00f3n imprescindibles per garantir la competitivitat de l'economia espanyola. Entre aquestes, la reforma de la legislaci\u00f3 universit\u00e0ria per impulsar l'excel\u00b7l\u00e8ncia, competitivitat i internacionalitzaci\u00f3 del sistema universitari t\u00e9 un paper clau.<\/div><div class=\"file-version\"><span>Desc\u00e0rregues (abans 6\/2023):<\/span> 2984<\/div><div class=\"file-size\"><span>Mida:<\/span> 1.45 MB<\/div><div class=\"file-hits\"><span>Desc\u00e0rregues: <\/span> 139<\/div><div class=\"file-dated\"><span>Data en la que s&#039;afegit:<\/span> 03-12-2013<\/div>                                <\/div>                            <\/div>                            <div class=\"file-right\">                                <a class=\"downloadlink wpfd_downloadlink\"  href=\"http:\/\/europeg.com\/descargas\/62\/policy-brief-cat\/1487\/4-la-reforma-de-la-universitat-un-impuls-a-la-competitivitat-de-leconomia-espanyola.pdf\"  style=\"background-color:#76bc58;color:#ffffff;\" target=\"\">Descarrega<i class=\"zmdi zmdi-cloud-download wpfd-download\"><\/i><\/a>                            <\/div>                    <\/div>                                                                            <div class=\"file\" style=\"margin : 10px 10px 10px 10px;\"                         data-id=\"1486\"                         data-catid=\"62\">                            <div class=\"filecontent\">                                <div class=\"ext ext-pdf wpfd-icon-set-svg\"><span class=\"txt\">pdf<\/span><\/div><h3><a href=\"http:\/\/europeg.com\/descargas\/62\/policy-brief-cat\/1486\/3-avanca-realment-la-unio-europea-cap-a-una-unio-fiscal.pdf\"   class=\"wpfd_downloadlink\" title=\"3 - &quot;Avan\u00e7a realment la Uni\u00f3 Europea cap a una Uni\u00f3 Fiscal?&quot;\" target=\"\">3 - &quot;Avan\u00e7a realment la Uni\u00f3 Europea cap a una Uni\u00f3 Fiscal?&quot;<\/a><\/h3>                                <div class=\"file-xinfo\">                                    <div class=\"file-desc\">La crisi de l\u2019euro ha situat en el centre del debat europeu l\u2019aven\u00e7 cap a una uni\u00f3 fiscal. Primer, a contracor, despr\u00e9s, d\u2019una manera cada vegada m\u00e9s clara; avui sembla que hi ha un consens fonamental entorn de la necessitat d\u2019avan\u00e7ar cap a aquesta uni\u00f3 fiscal i sobre la idea que no hi haur\u00e0 uni\u00f3 monet\u00e0ria si no va acompanyada d\u2019una uni\u00f3 fiscal.<\/div><div class=\"file-version\"><span>Desc\u00e0rregues (abans 6\/2023):<\/span> 2948<\/div><div class=\"file-size\"><span>Mida:<\/span> 700.31 KB<\/div><div class=\"file-hits\"><span>Desc\u00e0rregues: <\/span> 104<\/div><div class=\"file-dated\"><span>Data en la que s&#039;afegit:<\/span> 26-12-2012<\/div>                                <\/div>                            <\/div>                            <div class=\"file-right\">                                <a class=\"downloadlink wpfd_downloadlink\"  href=\"http:\/\/europeg.com\/descargas\/62\/policy-brief-cat\/1486\/3-avanca-realment-la-unio-europea-cap-a-una-unio-fiscal.pdf\"  style=\"background-color:#76bc58;color:#ffffff;\" target=\"\">Descarrega<i class=\"zmdi zmdi-cloud-download wpfd-download\"><\/i><\/a>                            <\/div>                    <\/div>                                                    <div class=\"file flex_span\" style=\"margin : 10px 10px 10px 10px;\"><\/div>            <\/div>                    <\/div><\/div><\/div><div class='wpfd-pagination'>\n\t<span class='page-numbers current'>1<\/span>\n<a class='page-numbers' data-page='2' data-sourcecat='62'>2<\/a>\n<a class='next page-numbers' data-page='2' data-sourcecat='62'>Seg\u00fcent &raquo;<\/a>\n<\/div>\n\n\t\t\t\t<\/div>\n\t\t\t<\/div><\/p>\n","protected":false},"author":3,"featured_media":0,"parent":0,"menu_order":0,"comment_status":"closed","ping_status":"closed","template":"","meta":{"_acf_changed":false,"_et_pb_use_builder":"on","_et_pb_old_content":"","_et_gb_content_width":"","cybocfi_hide_featured_image":"","footnotes":""},"class_list":["post-1537","page","type-page","status-publish","hentry"],"acf":[],"_links":{"self":[{"href":"https:\/\/europeg.com\/ca\/wp-json\/wp\/v2\/pages\/1537","targetHints":{"allow":["GET"]}}],"collection":[{"href":"https:\/\/europeg.com\/ca\/wp-json\/wp\/v2\/pages"}],"about":[{"href":"https:\/\/europeg.com\/ca\/wp-json\/wp\/v2\/types\/page"}],"author":[{"embeddable":true,"href":"https:\/\/europeg.com\/ca\/wp-json\/wp\/v2\/users\/3"}],"replies":[{"embeddable":true,"href":"https:\/\/europeg.com\/ca\/wp-json\/wp\/v2\/comments?post=1537"}],"version-history":[{"count":5,"href":"https:\/\/europeg.com\/ca\/wp-json\/wp\/v2\/pages\/1537\/revisions"}],"predecessor-version":[{"id":1669,"href":"https:\/\/europeg.com\/ca\/wp-json\/wp\/v2\/pages\/1537\/revisions\/1669"}],"wp:attachment":[{"href":"https:\/\/europeg.com\/ca\/wp-json\/wp\/v2\/media?parent=1537"}],"curies":[{"name":"wp","href":"https:\/\/api.w.org\/{rel}","templated":true}]}}